{"id":62,"date":"2026-01-23T14:42:06","date_gmt":"2026-01-23T14:42:06","guid":{"rendered":"http:\/\/chk.cl\/about\/"},"modified":"2026-03-17T15:01:59","modified_gmt":"2026-03-17T15:01:59","slug":"colegio-2-2","status":"publish","type":"page","link":"https:\/\/chk.cl\/wp9\/colegio-2-2\/","title":{"rendered":"Colegio"},"content":{"rendered":"\n<div class=\"wp-block-uagb-container uagb-block-4cb6607b alignwide uagb-is-root-container\">\n<div class=\"wp-block-uagb-advanced-heading uagb-block-c953f725\"><h1 class=\"uagb-heading-text\"><strong>Nuestro Establecimiento<\/strong><\/h1><\/div>\n<\/div>\n\n\n\n<div class=\"wp-block-uagb-container uagb-block-9d22ec3d alignfull uagb-is-root-container\"><div class=\"uagb-container-inner-blocks-wrap\">\n<div class=\"wp-block-uagb-advanced-heading uagb-block-16475315\"><p class=\"uagb-heading-text\"><strong>El lema del colegio es \u201cPor una visi\u00f3n de libertad\u201d porque en todas las actividades que planificamos y realizamos tienden a promover la independencia y la autonom\u00eda personal de cada estudiante.<\/strong><\/p><\/div>\n<\/div><\/div>\n\n\n\n<div class=\"wp-block-uagb-container uagb-layout-grid uagb-block-140f94f3 alignfull uagb-is-root-container\"><div class=\"uagb-container-inner-blocks-wrap\">\n<div class=\"wp-block-uagb-advanced-heading uagb-block-6ff1e384\"><h2 class=\"uagb-heading-text\"><strong>NUESTRA HISTORIA<\/strong><\/h2><\/div>\n\n\n\n<div class=\"wp-block-uagb-advanced-heading uagb-block-50c3e0f0\"><p class=\"uagb-heading-text\"><strong>El Colegio Hellen Keller fue fundado el 5 de Junio de 1951, bajo decreto 3871, como la Escuela de Ciegos N\u00b03 del Estado, con el fin de entregar educaci\u00f3n a la poblaci\u00f3n que en ese entonces se encontraba sin alternativas para su formaci\u00f3n y desarrollo personal, sino m\u00e1s bien relegados a sus hogares y a la ignorancia total. El a\u00f1o 1961 se inauguro el edificio donde funciona hasta la fecha, en la comuna de \u00d1u\u00f1oa. Fue construido especialmente para la educaci\u00f3n de personas con discapacidad visual por la Sociedad Constructora de Establecimientos Educacionales. Tiene una infraestructura privilegiada, ubicado en un barrio residencial con una excelente comunicaci\u00f3n y medios de transporte, incluida estaci\u00f3n de Metro a dos cuadras. El a\u00f1o 1982, junto a muchos otros establecimientos educacionales del pa\u00eds, nuestro colegio fue municipalizado, siendo traspasado a la Ilustre Municipalidad de \u00d1u\u00f1oa, bajo la administraci\u00f3n que a\u00fan mantiene: la Corporaci\u00f3n Municipal de Desarrollo Social. El colegio recibe alumnos provenientes no s\u00f3lo de diferentes comunas de la Regi\u00f3n Metropolitana, sino tambi\u00e9n de otras regiones del pa\u00eds, puesto que la distancia no debe ser un obst\u00e1culo para tener acceso a una educaci\u00f3n especializada de alta calidad. Se trabaja en Jornada Escolar Completa Diurna, y para aquellos alumnos que lo necesitan, existe sistema de internado de lunes a viernes. El colegio apoya a todos sus alumnos y familias para la obtenci\u00f3n de su Credencial de la Discapacidad en COMPIN, tramitando en forma directa los antecedentes desde el establecimiento educacional. Actualmente el Colegio Hellen Keller tiene una matr\u00edcula de 120 alumnos, a quienes favorecemos en el desarrollo de sus habilidades, capacidades y destrezas en la medida que motivemos sus potencialidades y minimicemos sus limitaciones.<\/strong><\/p><\/div>\n<\/div><\/div>\n\n\n\n<div class=\"wp-block-uagb-container uagb-block-e4b1cd5c alignfull uagb-is-root-container\"><div class=\"uagb-container-inner-blocks-wrap\">\n<div class=\"wp-block-uagb-container uagb-block-7ea44493\">\n<div class=\"wp-block-uagb-container uagb-block-1eb5e087\">\n<div class=\"wp-block-uagb-advanced-heading uagb-block-60dd7cd5\"><h2 class=\"uagb-heading-text\">MISI\u00d3N Y VISI\u00d3N<\/h2><\/div>\n<\/div>\n<\/div>\n\n\n\n<div class=\"wp-block-uagb-image uagb-block-63b97616 wp-block-uagb-image--layout-default wp-block-uagb-image--effect-static wp-block-uagb-image--align-none\"><figure class=\"wp-block-uagb-image__figure\"><img loading=\"lazy\" decoding=\"async\" srcset=\"https:\/\/chk.cl\/wp9\/wp-content\/uploads\/2026\/01\/mision-colegio.jpg ,https:\/\/chk.cl\/wp9\/wp-content\/uploads\/2026\/01\/mision-colegio.jpg 780w, https:\/\/chk.cl\/wp9\/wp-content\/uploads\/2026\/01\/mision-colegio.jpg 360w\" sizes=\"auto, (max-width: 480px) 150px\" src=\"https:\/\/chk.cl\/wp9\/wp-content\/uploads\/2026\/01\/mision-colegio.jpg\" alt=\"Mision Colegio\" class=\"uag-image-836\" width=\"1024\" height=\"768\" title=\"mision-colegio\" loading=\"lazy\" role=\"img\"><\/figure><\/div>\n<\/div><\/div>\n\n\n\n<div class=\"wp-block-uagb-container uagb-block-1abffb9a alignfull uagb-is-root-container\"><div class=\"uagb-container-inner-blocks-wrap\">\n<div class=\"wp-block-uagb-container uagb-block-c0ec97f0\">\n<div class=\"wp-block-uagb-container uagb-block-a83eba01\">\n<div class=\"wp-block-uagb-advanced-heading uagb-block-bc054695\"><h2 class=\"uagb-heading-text\"><strong>INFRAESTRUCTURA<\/strong><\/h2><\/div>\n<\/div>\n<\/div>\n\n\n\n<div class=\"wp-block-uagb-container uagb-block-af23bf12\">\n<div class=\"wp-block-uagb-advanced-heading uagb-block-2b670e9e\"><h3 class=\"uagb-heading-text\"><strong>&#8211; El colegio cuenta con amplios espacios, destacandose una varaiada infraestructura:<\/strong><\/h3><\/div>\n\n\n\n<ul style=\"border-width:40px\" class=\"wp-block-list has-border-color has-white-border-color has-medium-font-size\">\n<li><strong>Bilblioteca<\/strong><\/li>\n\n\n\n<li><strong>Ludoteca<\/strong><\/li>\n\n\n\n<li><strong>Comedor<\/strong><\/li>\n\n\n\n<li><strong>Internado (dormitorios)<\/strong><\/li>\n\n\n\n<li><strong>Sal\u00f3n de actos<\/strong><\/li>\n\n\n\n<li><strong>Sala de profesores<\/strong><\/li>\n\n\n\n<li><strong>Sala de impresi\u00f3n braille<\/strong><\/li>\n\n\n\n<li><strong>Oficinas<\/strong><\/li>\n\n\n\n<li><strong>Ba\u00f1os<\/strong><\/li>\n\n\n\n<li><strong>3 Patios<\/strong><\/li>\n<\/ul>\n\n\n\n<div class=\"wp-block-uagb-advanced-heading uagb-block-fececa5f\"><h3 class=\"uagb-heading-text\"><strong>&#8211; Salas de clases de curr\u00edculo regular, espec\u00edfico y otras:<\/strong><\/h3><\/div>\n\n\n\n<ul style=\"border-width:40px\" class=\"wp-block-list has-border-color has-white-border-color has-medium-font-size\">\n<li><strong>8 salas de Ense\u00f1anza B\u00e1sica<\/strong><\/li>\n\n\n\n<li><strong>2 salas de Transici\u00f3n a la Vida Adulta<\/strong><\/li>\n\n\n\n<li><strong>Sala de Educaci\u00f3n de Adultos<\/strong><\/li>\n\n\n\n<li><strong>2 salas de Masoterapia<\/strong><\/li>\n\n\n\n<li><strong>Sala de Orientaci\u00f3n y Movilidad<\/strong><\/li>\n\n\n\n<li><strong>Sala de Eficiencia Visual<\/strong><\/li>\n\n\n\n<li><strong>Sala de artes visuales<\/strong><\/li>\n\n\n\n<li><strong>Sala de artes musicales<\/strong><\/li>\n\n\n\n<li><strong>Sala de Terapia Ocupacional<\/strong><\/li>\n\n\n\n<li><strong>Sala Fonoaudi\u00f3loga<\/strong><\/li>\n\n\n\n<li><strong>Sala Psic\u00f3loga<\/strong><\/li>\n<\/ul>\n\n\n\n<div class=\"wp-block-uagb-advanced-heading uagb-block-75ed2762\"><h3 class=\"uagb-heading-text\"><strong>&#8211; Entre el equipamiento:<\/strong><\/h3><\/div>\n\n\n\n<ul style=\"border-width:40px\" class=\"wp-block-list has-border-color has-white-border-color has-medium-font-size\">\n<li><strong>M\u00e1quinas de escibir braille modelo Perkins cl\u00e1sico<\/strong><\/li>\n\n\n\n<li><strong>Impresora Braille modelo Juliet Pro-60<\/strong><\/li>\n\n\n\n<li><strong>1.500 vol\u00famenes en sistema Braille (Biblioteca)<\/strong><\/li>\n\n\n\n<li><strong>Material did\u00e1ctico especializado<\/strong><\/li>\n<\/ul>\n<\/div>\n<\/div><\/div>\n\n\n\n<div class=\"wp-block-uagb-container uagb-block-a616a3df alignfull uagb-is-root-container\"><div class=\"uagb-container-inner-blocks-wrap\">\n<div class=\"wp-block-uagb-container uagb-block-ade3090c\">\n<div class=\"wp-block-uagb-advanced-heading uagb-block-f38b9109\"><h2 class=\"uagb-heading-text\"><strong>HIMNO E INSIGNIA DEL COLEGIO<\/strong><\/h2><\/div>\n<\/div>\n\n\n\n<div class=\"wp-block-uagb-container uagb-block-2eee6d8a\">\n<div class=\"wp-block-uagb-advanced-heading uagb-block-91e29c3c\"><h3 class=\"uagb-heading-text\">&#8211; <strong>HIMNO DEL COLEGIO<\/strong><\/h3><\/div>\n<\/div>\n\n\n\n<div class=\"wp-block-uagb-container uagb-block-72df9b37\">\n<div class=\"wp-block-uagb-advanced-heading uagb-block-3ee225f9\"><p class=\"uagb-heading-text\"><strong>\u201cSigamos compa\u00f1eros, sigamos en busca siempre del saber y cantando al mundo digamos que en la lucha sabremos vencer. La constancia ser\u00e1 nuestro escudo que la vida lucir nos ver\u00e1 nuestra escuela nos forja un futuro y nos insta a seguir nuestro af\u00e1n. Amor al trabajo es el lema que al hombre le impone el honor alcanzar nuestro sagrado emblema por la escuela luchar con valor\u201d.<\/strong><\/p><\/div>\n<\/div>\n\n\n\n<div class=\"wp-block-uagb-container uagb-block-4c7c0231\">\n<div class=\"wp-block-uagb-advanced-heading uagb-block-ebc81cf9\"><h3 class=\"uagb-heading-text\">&#8211; <strong>INSIGNIA DEL COLEGIO<\/strong><\/h3><\/div>\n<\/div>\n\n\n\n<div class=\"wp-block-uagb-container uagb-block-e85ad7a9\">\n<div class=\"wp-block-uagb-advanced-heading uagb-block-5980f723\"><p class=\"uagb-heading-text\"><strong>Descripci\u00f3n: <\/strong>la insignia esta compuesta por una muchacha y un var\u00f3n. La primera sostiene un globo terr\u00e1queo y el segundo lleva consigo libros y un bast\u00f3n de movilidad. Detr\u00e1s de las figuras que personifican los estudiantes existe un tri\u00e1ngulo de color amarillo.<\/p><\/div>\n\n\n\n<div class=\"wp-block-uagb-image uagb-block-0e84d002 wp-block-uagb-image--layout-default wp-block-uagb-image--effect-static wp-block-uagb-image--align-none\"><figure class=\"wp-block-uagb-image__figure\"><img loading=\"lazy\" decoding=\"async\" srcset=\"https:\/\/chk.cl\/wp9\/wp-content\/uploads\/2026\/01\/cropped-insignia-hk-300x300.jpg ,https:\/\/chk.cl\/wp9\/wp-content\/uploads\/2026\/01\/cropped-insignia-hk.jpg 780w, https:\/\/chk.cl\/wp9\/wp-content\/uploads\/2026\/01\/cropped-insignia-hk.jpg 360w\" sizes=\"auto, (max-width: 480px) 150px\" src=\"https:\/\/chk.cl\/wp9\/wp-content\/uploads\/2026\/01\/cropped-insignia-hk-300x300.jpg\" alt=\"Colegio para ciegos Hellen Keller\" class=\"uag-image-838\" width=\"300\" height=\"300\" title=\"cropped-insignia-hk.jpg\" loading=\"lazy\" role=\"img\"\/><\/figure><\/div>\n\n\n\n<div class=\"wp-block-uagb-advanced-heading uagb-block-ab604ead\"><p class=\"uagb-heading-text\"><strong>Simbolismo:<\/strong> los j\u00f3venes de la insignia simbolizan la igualdad, el bast\u00f3n representa la autonom\u00eda e independencia, la educaci\u00f3n y el conocimiento es aludida por medio de los libros que uno de los estudiantes lleva. El globo terr\u00e1queo se relaciona con la posibilidad de tener el mundo en las manos, y por \u00faltimo, la figura geom\u00e9trica del tri\u00e1ngulo se\u00f1ala un camino hacia la luz.<\/p><\/div>\n<\/div>\n<\/div><\/div>\n","protected":false},"excerpt":{"rendered":"<p>Nuestro Establecimiento El lema del colegio es \u201cPor una visi\u00f3n de libertad\u201d porque en todas las actividades que planificamos y realizamos tienden a promover la independencia y la autonom\u00eda personal de cada estudiante. NUESTRA HISTORIA El Colegio Hellen Keller fue fundado el 5 de Junio de 1951, bajo decreto 3871, como la Escuela de Ciegos N\u00b03 del Estado, con el fin de entregar educaci\u00f3n a la poblaci\u00f3n que en ese entonces se encontraba sin alternativas para su formaci\u00f3n y desarrollo personal, sino m\u00e1s bien relegados a sus hogares y a la ignorancia total. El a\u00f1o 1961 se inauguro el edificio donde funciona hasta la fecha, en la comuna de \u00d1u\u00f1oa. Fue construido especialmente para la educaci\u00f3n de personas con discapacidad visual por la Sociedad Constructora de Establecimientos Educacionales. Tiene una infraestructura privilegiada, ubicado en un barrio residencial con una excelente comunicaci\u00f3n y medios de transporte, incluida estaci\u00f3n de Metro a dos cuadras. El a\u00f1o 1982, junto a muchos otros establecimientos educacionales del pa\u00eds, nuestro colegio fue municipalizado, siendo traspasado a la Ilustre Municipalidad de \u00d1u\u00f1oa, bajo la administraci\u00f3n que a\u00fan mantiene: la Corporaci\u00f3n Municipal de Desarrollo Social. El colegio recibe alumnos provenientes no s\u00f3lo de diferentes comunas de la Regi\u00f3n Metropolitana, sino tambi\u00e9n de otras regiones del pa\u00eds, puesto que la distancia no debe ser un obst\u00e1culo para tener acceso a una educaci\u00f3n especializada de alta calidad. Se trabaja en Jornada Escolar Completa Diurna, y para aquellos alumnos que lo necesitan, existe sistema de internado de lunes a viernes. El colegio apoya a todos sus alumnos y familias para la obtenci\u00f3n de su Credencial de la Discapacidad en COMPIN, tramitando en forma directa los antecedentes desde el establecimiento educacional. Actualmente el Colegio Hellen Keller tiene una matr\u00edcula de 120 alumnos, a quienes favorecemos en el desarrollo de sus habilidades, capacidades y destrezas en la medida que motivemos sus potencialidades y minimicemos sus limitaciones. MISI\u00d3N Y VISI\u00d3N INFRAESTRUCTURA &#8211; El colegio cuenta con amplios espacios, destacandose una varaiada infraestructura: &#8211; Salas de clases de curr\u00edculo regular, espec\u00edfico y otras: &#8211; Entre el equipamiento: HIMNO E INSIGNIA DEL COLEGIO &#8211; HIMNO DEL COLEGIO \u201cSigamos compa\u00f1eros, sigamos en busca siempre del saber y cantando al mundo digamos que en la lucha sabremos vencer. La constancia ser\u00e1 nuestro escudo que la vida lucir nos ver\u00e1 nuestra escuela nos forja un futuro y nos insta a seguir nuestro af\u00e1n. Amor al trabajo es el lema que al hombre le impone el honor alcanzar nuestro sagrado emblema por la escuela luchar con valor\u201d. &#8211; INSIGNIA DEL COLEGIO Descripci\u00f3n: la insignia esta compuesta por una muchacha y un var\u00f3n. La primera sostiene un globo terr\u00e1queo y el segundo lleva consigo libros y un bast\u00f3n de movilidad. Detr\u00e1s de las figuras que personifican los estudiantes existe un tri\u00e1ngulo de color amarillo. Simbolismo: los j\u00f3venes de la insignia simbolizan la igualdad, el bast\u00f3n representa la autonom\u00eda e independencia, la educaci\u00f3n y el conocimiento es aludida por medio de los libros que uno de los estudiantes lleva. El globo terr\u00e1queo se relaciona con la posibilidad de tener el mundo en las manos, y por \u00faltimo, la figura geom\u00e9trica del tri\u00e1ngulo se\u00f1ala un camino hacia la luz.<\/p>\n","protected":false},"author":2,"featured_media":0,"parent":0,"menu_order":0,"comment_status":"closed","ping_status":"closed","template":"","meta":{"_uag_custom_page_level_css":"","site-sidebar-layout":"no-sidebar","site-content-layout":"plain-container","ast-site-content-layout":"normal-width-container","site-content-style":"unboxed","site-sidebar-style":"unboxed","ast-global-header-display":"","ast-banner-title-visibility":"","ast-main-header-display":"","ast-hfb-above-header-display":"","ast-hfb-below-header-display":"","ast-hfb-mobile-header-display":"","site-post-title":"disabled","ast-breadcrumbs-content":"","ast-featured-img":"","footer-sml-layout":"","ast-disable-related-posts":"","theme-transparent-header-meta":"default","adv-header-id-meta":"","stick-header-meta":"","header-above-stick-meta":"","header-main-stick-meta":"","header-below-stick-meta":"","astra-migrate-meta-layouts":"set","ast-page-background-enabled":"default","ast-page-background-meta":{"desktop":{"background-color":"var(--ast-global-color-4)","background-image":"","background-repeat":"repeat","background-position":"center center","background-size":"auto","background-attachment":"scroll","background-type":"","background-media":"","overlay-type":"","overlay-color":"","overlay-opacity":"","overlay-gradient":""},"tablet":{"background-color":"","background-image":"","background-repeat":"repeat","background-position":"center center","background-size":"auto","background-attachment":"scroll","background-type":"","background-media":"","overlay-type":"","overlay-color":"","overlay-opacity":"","overlay-gradient":""},"mobile":{"background-color":"","background-image":"","background-repeat":"repeat","background-position":"center center","background-size":"auto","background-attachment":"scroll","background-type":"","background-media":"","overlay-type":"","overlay-color":"","overlay-opacity":"","overlay-gradient":""}},"ast-content-background-meta":{"desktop":{"background-color":"var(--ast-global-color-5)","background-image":"","background-repeat":"repeat","background-position":"center center","background-size":"auto","background-attachment":"scroll","background-type":"","background-media":"","overlay-type":"","overlay-color":"","overlay-opacity":"","overlay-gradient":""},"tablet":{"background-color":"var(--ast-global-color-5)","background-image":"","background-repeat":"repeat","background-position":"center center","background-size":"auto","background-attachment":"scroll","background-type":"","background-media":"","overlay-type":"","overlay-color":"","overlay-opacity":"","overlay-gradient":""},"mobile":{"background-color":"var(--ast-global-color-5)","background-image":"","background-repeat":"repeat","background-position":"center center","background-size":"auto","background-attachment":"scroll","background-type":"","background-media":"","overlay-type":"","overlay-color":"","overlay-opacity":"","overlay-gradient":""}},"footnotes":""},"class_list":["post-62","page","type-page","status-publish","hentry"],"uagb_featured_image_src":{"full":false,"thumbnail":false,"medium":false,"medium_large":false,"large":false,"1536x1536":false,"2048x2048":false,"woocommerce_thumbnail":false,"woocommerce_single":false,"woocommerce_gallery_thumbnail":false},"uagb_author_info":{"display_name":"admin","author_link":"https:\/\/chk.cl\/wp9\/author\/admin\/"},"uagb_comment_info":0,"uagb_excerpt":"Nuestro Establecimiento El lema del colegio es \u201cPor una visi\u00f3n de libertad\u201d porque en todas las actividades que planificamos y realizamos tienden a promover la independencia y la autonom\u00eda personal de cada estudiante. NUESTRA HISTORIA El Colegio Hellen Keller fue fundado el 5 de Junio de 1951, bajo decreto 3871, como la Escuela de Ciegos&hellip;","_links":{"self":[{"href":"https:\/\/chk.cl\/wp9\/wp-json\/wp\/v2\/pages\/62","targetHints":{"allow":["GET"]}}],"collection":[{"href":"https:\/\/chk.cl\/wp9\/wp-json\/wp\/v2\/pages"}],"about":[{"href":"https:\/\/chk.cl\/wp9\/wp-json\/wp\/v2\/types\/page"}],"author":[{"embeddable":true,"href":"https:\/\/chk.cl\/wp9\/wp-json\/wp\/v2\/users\/2"}],"replies":[{"embeddable":true,"href":"https:\/\/chk.cl\/wp9\/wp-json\/wp\/v2\/comments?post=62"}],"version-history":[{"count":9,"href":"https:\/\/chk.cl\/wp9\/wp-json\/wp\/v2\/pages\/62\/revisions"}],"predecessor-version":[{"id":2567,"href":"https:\/\/chk.cl\/wp9\/wp-json\/wp\/v2\/pages\/62\/revisions\/2567"}],"wp:attachment":[{"href":"https:\/\/chk.cl\/wp9\/wp-json\/wp\/v2\/media?parent=62"}],"curies":[{"name":"wp","href":"https:\/\/api.w.org\/{rel}","templated":true}]}}